{"id":1511,"date":"2020-06-16T08:43:41","date_gmt":"2020-06-16T08:43:41","guid":{"rendered":"http:\/\/cetussrv.cetusglobal.com\/gefico\/?page_id=1511"},"modified":"2020-07-14T05:48:52","modified_gmt":"2020-07-14T05:48:52","slug":"privacy-policy","status":"publish","type":"page","link":"https:\/\/gefico.com\/index.php\/privacy-policy\/","title":{"rendered":"Privacy Policy"},"content":{"rendered":"<p>[et_pb_section fb_built=\u00bb1&#8243; admin_label=\u00bbSubscription Section\u00bb _builder_version=\u00bb4.4.7&#8243; use_background_color_gradient=\u00bbon\u00bb background_color_gradient_start=\u00bbrgba(0,0,0,0.7)\u00bb background_color_gradient_end=\u00bbrgba(0,0,0,0.26)\u00bb background_color_gradient_overlays_image=\u00bbon\u00bb background_image=\u00bbhttps:\/\/gefico.com\/wp-content\/uploads\/2020\/07\/GEFICO-Home-scaled.jpg\u00bb custom_padding=\u00bb159px||106px|||\u00bb da_is_popup=\u00bboff\u00bb da_exit_intent=\u00bboff\u00bb da_has_close=\u00bbon\u00bb da_alt_close=\u00bboff\u00bb da_dark_close=\u00bboff\u00bb da_not_modal=\u00bbon\u00bb da_is_singular=\u00bboff\u00bb da_with_loader=\u00bboff\u00bb da_has_shadow=\u00bbon\u00bb da_disable_devices=\u00bboff|off|off\u00bb][et_pb_row _builder_version=\u00bb4.4.4&#8243; custom_margin=\u00bb10px|auto||auto||\u00bb locked=\u00bboff\u00bb][et_pb_column type=\u00bb4_4&#8243; _builder_version=\u00bb3.25&#8243; custom_padding=\u00bb|||\u00bb custom_padding__hover=\u00bb|||\u00bb][et_pb_text admin_label=\u00bbTitle\u00bb _builder_version=\u00bb4.4.4&#8243; text_font=\u00bb||||||||\u00bb header_font=\u00bb|300|||||||\u00bb header_font_size=\u00bb60px\u00bb header_line_height=\u00bb1.2em\u00bb header_2_font=\u00bbAbril Fatface||||||||\u00bb header_2_font_size=\u00bb60px\u00bb header_2_line_height=\u00bb1.3em\u00bb text_orientation=\u00bbcenter\u00bb background_layout=\u00bbdark\u00bb custom_margin=\u00bb-3px||10px|||\u00bb custom_padding=\u00bb0px|||||\u00bb animation_style=\u00bbfade\u00bb animation_direction=\u00bbleft\u00bb animation_starting_opacity=\u00bb100%\u00bb header_font_size_tablet=\u00bb50px\u00bb header_font_size_phone=\u00bb50px\u00bb header_font_size_last_edited=\u00bbon|desktop\u00bb header_2_font_size_tablet=\u00bb40px\u00bb header_2_font_size_phone=\u00bb\u00bb header_2_font_size_last_edited=\u00bbon|tablet\u00bb]<\/p>\n<h1>Pol\u00edtica Privacidad y Protecci\u00f3n De Datos<\/h1>\n<p>[\/et_pb_text][et_pb_text admin_label=\u00bbSubtitle\u00bb _builder_version=\u00bb3.27.4&#8243; text_font=\u00bbQuattrocento||||||||\u00bb text_font_size=\u00bb18px\u00bb text_line_height=\u00bb2.2em\u00bb header_font=\u00bb||||||||\u00bb header_2_font=\u00bb||||||||\u00bb text_orientation=\u00bbcenter\u00bb background_layout=\u00bbdark\u00bb max_width=\u00bb700px\u00bb module_alignment=\u00bbcenter\u00bb animation_style=\u00bbfade\u00bb animation_direction=\u00bbleft\u00bb animation_starting_opacity=\u00bb100%\u00bb][\/et_pb_text][\/et_pb_column][\/et_pb_row][\/et_pb_section][et_pb_section fb_built=\u00bb1&#8243; _builder_version=\u00bb4.4.4&#8243; da_is_popup=\u00bboff\u00bb da_exit_intent=\u00bboff\u00bb da_has_close=\u00bbon\u00bb da_alt_close=\u00bboff\u00bb da_dark_close=\u00bboff\u00bb da_not_modal=\u00bbon\u00bb da_is_singular=\u00bboff\u00bb da_with_loader=\u00bboff\u00bb da_has_shadow=\u00bbon\u00bb da_disable_devices=\u00bboff|off|off\u00bb][et_pb_row _builder_version=\u00bb4.4.4&#8243; custom_margin=\u00bb1px|auto||auto||\u00bb custom_margin_tablet=\u00bb20px||||false|false\u00bb custom_margin_phone=\u00bb20px|auto||auto|false|false\u00bb custom_margin_last_edited=\u00bbon|desktop\u00bb][et_pb_column type=\u00bb4_4&#8243; _builder_version=\u00bb4.4.4&#8243;][et_pb_text _builder_version=\u00bb4.4.4&#8243; text_font=\u00bb||||||||\u00bb text_font_size=\u00bb17px\u00bb text_line_height=\u00bb1.8em\u00bb header_2_font=\u00bb||||||||\u00bb header_2_text_color=\u00bb#0033a1&#8243; custom_margin=\u00bb3px|||||\u00bb]<\/p>\n<p>En su calidad de Usuario, GEFICO ENTERPRISE,S.L. (en adelante, \u201cGEFICO\u201d) le informa de su pol\u00edtica de protecci\u00f3n de datos de car\u00e1cter personal para que libre y voluntariamente pueda decidir facilitarnos, los datos personales que le podamos requerir para acceder a los distintos servicios y contenidos ofertados en nuestra p\u00e1gina web.<\/p>\n<p>Conforme a lo dispuesto en el Reglamento (UE) 679\/2016 del Parlamento y del Consejo de 27 de abril de 2016 relativo a la protecci\u00f3n de las personas f\u00edsicas en lo que respecta al tratamiento de datos personales y a la libre circulaci\u00f3n de esos datos (en adelante, \u201cRGPD\u201d) y a la normativa de desarrollo que lo complementa le informamos:<\/p>\n<p>&nbsp;<\/p>\n<p>1.- \u00bfQUI\u00c9N ES EL RESPONSABLE DE SUS DATOS?<br \/>GEFICO ENTERPRISE,S.L., provista de CIF B15793581, con domicilio en Pol\u00edgono O Acevedo, Parcela A, 15185 \u2013 Cerceda (A Coru\u00f1a).<\/p>\n<p>&nbsp;<\/p>\n<p>2.- \u00bfCON QU\u00c9 FINALIDAD TRATAMOS SUS DATOS?<br \/>Consultas y solicitudes<br \/>Gestionar las consultas y solicitudes que a trav\u00e9s de cualquier formulario electr\u00f3nico disponible en el sitio web o a trav\u00e9s de correo electr\u00f3nico nos hagan los usuarios que visiten el portal. Las preguntas o campos incluidos en los formularios tienen car\u00e1cter voluntario salvo aquellas que contengan un asterisco (*) que son obligatorias. En el caso de no contestar o cumplimentar las preguntas o campos obligatorios, GEFICO se reserva el derecho a tramitar la consulta o solicitud.<\/p>\n<p>Selecci\u00f3n de personal<br \/>Gestionar los datos personales proporcionados por los candidatos a trav\u00e9s del correo electr\u00f3nico existente para dicho fin en la p\u00e1gina web. Los datos proporcionados por los candidatos ser\u00e1n tratados para evaluar a los candidatos en actuales o futuros procesos de selecci\u00f3n de personal.<\/p>\n<p>Env\u00edo de informaci\u00f3n comercial<br \/>Solamente aquellas personas que expresamente lo acepten recibir\u00e1n correos electr\u00f3nicos con informaci\u00f3n de la empresa, sus productos y sus servicios. En cualquier momento, los interesados podr\u00e1n acceder a sus datos, y ejercer sus derechos de rectificaci\u00f3n, supresi\u00f3n y oposici\u00f3n.<\/p>\n<p>Los datos personales obtenidos ser\u00e1n tratados con las siguientes finalidades:<\/p>\n<p>Remitir electr\u00f3nicamente boletines con noticias relacionadas con nuestra actividad.<br \/>Informar a los interesados de promociones y descuentos ofrecidos por GEFICO a trav\u00e9s de diversos medios como, entre otros, correo electr\u00f3nico, o cualquier otro medio de comunicaci\u00f3n electr\u00f3nica equivalente, como SMS, o a trav\u00e9s de la realizaci\u00f3n de llamadas telef\u00f3nicas.<\/p>\n<p>3. &#8211; \u00bfPor cu\u00e1nto tiempo trataremos sus datos personales?<br \/>Los datos proporcionados por los usuarios de la web a trav\u00e9s de formularios, cuestionarios o correo electr\u00f3nico s\u00f3lo se conservar\u00e1n el tiempo estrictamente necesario para atender la consulta o petici\u00f3n del interesado. Una vez atendida la consulta o petici\u00f3n los datos personales del usuario ser\u00e1n borrados, salvo que se entable con el usuario alguna relaci\u00f3n comercial en cuyo caso sus datos ser\u00edan incorporados al fichero correspondiente de la entidad.<\/p>\n<p>Los datos proporcionados por aquellos usuarios del portal que nos env\u00eden su curriculum vitae a trav\u00e9s del correo electr\u00f3nico habilitado a tal fin, permanecer\u00e1n activos en la base de datos de GEFICO por un per\u00edodo de un (1) a\u00f1o desde que el interesado los facilit\u00f3 dichos datos. Transcurrido dicho plazo, los datos proporcionados se mantendr\u00e1n bloqueados el tiempo estrictamente necesario que exija la normativa legal aplicable, momento en el cual se proceder\u00e1 a su supresi\u00f3n.<\/p>\n<p>Los datos proporcionados por aquellos usuarios del portal web que se den de alta en el servicio de comunicaciones comerciales y promociones (newsletter) ser\u00e1n conservados el tiempo que dichos usuarios est\u00e9n dados de alta en el referido servicio. En cualquier momento el interesado podr\u00e1 oponerse al tratamiento de sus datos para el env\u00edo de informaci\u00f3n, promociones y comunicaciones comerciales por parte de GEFICO d\u00e1ndose de baja con el env\u00edo de un correo electr\u00f3nico a la direcci\u00f3n privacidad@cetusglobal.com.<\/p>\n<p>&nbsp;<\/p>\n<p>4.- \u00bfCU\u00c1L ES LA LEGITIMACI\u00d3N PARA EL TRATAMIENTO DE SUS DATOS?<br \/>La base legal para el tratamiento de los datos de los usuarios del portal web de GEFICO es el inter\u00e9s leg\u00edtimo que la entidad tiene a atender las consultas, peticiones de usuarios y potenciales clientes e informar a cualquier interesado en la empresa, sus productos y servicios.<\/p>\n<p>La base legal para el tratamiento de los datos de aquellos usuarios que nos presenten su curriculum vitae es el consentimiento prestado por el candidato. La base legal para el tratamiento de los datos de aquellos usuarios que soliciten expresamente el alta en el servicio de comunicaciones comerciales (newsletter) es el consentimiento del interesado.<\/p>\n<p>&nbsp;<\/p>\n<p>5.- TERCEROS QUE PARTICIPAN EN EL TRATAMIENTO DE SUS DATOS PERSONALES<br \/>Salvo obligaci\u00f3n legal, en ning\u00fan caso cederemos sus datos personales a otras personas o entidades sin su consentimiento previo.<\/p>\n<p>No obstante, para cumplir las finalidades descritas en esta Pol\u00edtica de Privacidad en algunos casos deberemos dar acceso a sus datos personales a entidades del grupo CETUS para poder atender su consulta, sugerencia o petici\u00f3n o a proveedores de servicios que nos prestan apoyo como encargados de tratamiento (por ej. proveedores de servicios tecnol\u00f3gicos o proveedores de servicios relacionados con atenci\u00f3n al cliente).<\/p>\n<p>&nbsp;<\/p>\n<p>6.- DERECHOS DEL INTERESADO<br \/>Derecho a solicitar el acceso a sus datos personales: usted podr\u00e1 preguntar a GEFICO si est\u00e1 tratando sus datos y qu\u00e9 datos trata.<br \/>Derecho a solicitar la rectificaci\u00f3n de sus datos personales (si considera que son incorrectos) o su supresi\u00f3n (derecho al olvido).<br \/>En determinadas circunstancias, derecho a limitar el tratamiento de sus datos personales, en cuyo caso \u00fanicamente ser\u00e1n conservados por la entidad para el ejercicio o la defensa de reclamaciones.<br \/>En determinadas circunstancias y por motivos relacionados con su situaci\u00f3n particular, derecho a oponerse a su tratamiento: GEFICO dejar\u00e1 de tratar sus datos personales en la forma que usted nos indique, salvo que por motivos leg\u00edtimos imperiosos o el ejercicio de acciones legales o la defensa en posibles reclamaciones sea necesario continuar el tratamiento.<br \/>Derecho a la portabilidad de datos: derecho a recibir los datos personales que incumben al interesado y que haya tratado GEFICO en un formato estructurado, de uso com\u00fan y lectura mec\u00e1nica y transmitirlos a otro responsable del tratamiento.<br \/>El interesado podr\u00e1 ejercitar estos derechos mediante el env\u00edo de un correo electr\u00f3nico a la direcci\u00f3n privacidad@cetusglobal.com adjuntando copia del DNI o documento similar que lo identifique.<br \/>Si el interesado no est\u00e1 de acuerdo con el modo en el que GEFICO est\u00e1 tratando sus datos, puede dirigirse al Responsable de Tratamiento en la direcci\u00f3n postal arriba indicada o a la Autoridad de Control en materia de Protecci\u00f3n de Datos que en Espa\u00f1a es la Agencia Espa\u00f1ola de Protecci\u00f3n de Datos.<\/p>\n<p>7.- \u00bfC\u00d3MO HEMOS OBTENIDO SUS DATOS?<br \/>Los datos personales que tratamos de los usuarios del portal son aportados directamente por el\/la interesado\/a y son los imprescindibles para la gestionar la petici\u00f3n o consulta formulada a trav\u00e9s del cuestionario o formulario web.<\/p>\n<p>Categor\u00edas de datos<br \/>Identificaci\u00f3n: nombre, apellidos.<br \/>Contacto: direcci\u00f3n postal, tel\u00e9fono, correo electr\u00f3nico.<br \/>Los datos personales que tratamos de los candidatos que nos env\u00eden su curriculum vitae son aportados directamente por el interesado\/a y son los imprescindibles para que el candidato pueda participar en el proceso de selecci\u00f3n.<\/p>\n<p>Categor\u00edas de datos<br \/>Identificaci\u00f3n: nombre, apellidos.<br \/>Contacto: direcci\u00f3n postal, tel\u00e9fono, correo electr\u00f3nico.<br \/>Datos acad\u00e9micos y profesionales: formaci\u00f3n\/titulaciones, experiencia profesional.<br \/>En su caso, cuando el interesado lo haya consentido de forma expresa, los datos que trataremos para gestionar el env\u00edo de informaci\u00f3n comercial son los descritos a continuaci\u00f3n.<\/p>\n<p>Categor\u00edas de datos<br \/>Identificaci\u00f3n: nombre, apellidos.<br \/>Contacto: direcci\u00f3n postal, tel\u00e9fono, correo electr\u00f3nico.<\/p>\n<p>&nbsp;<\/p>\n<p>En Cerceda, a 25 de mayo de 2018.<\/p>\n<p>[\/et_pb_text][\/et_pb_column][\/et_pb_row][\/et_pb_section]<\/p>\n","protected":false},"excerpt":{"rendered":"<p>Pol\u00edtica Privacidad y Protecci\u00f3n De DatosEn su calidad de Usuario, GEFICO ENTERPRISE,S.L. (en adelante, \u201cGEFICO\u201d) le informa de su pol\u00edtica de protecci\u00f3n de datos de car\u00e1cter personal para que libre y voluntariamente pueda decidir facilitarnos, los datos personales que le podamos requerir para acceder a los distintos servicios y contenidos ofertados en nuestra p\u00e1gina web. [&hellip;]<\/p>\n","protected":false},"author":2,"featured_media":0,"parent":0,"menu_order":0,"comment_status":"closed","ping_status":"closed","template":"","meta":{"_et_pb_use_builder":"on","_et_pb_old_content":"","_et_gb_content_width":"","_monsterinsights_skip_tracking":false,"_monsterinsights_sitenote_active":false,"_monsterinsights_sitenote_note":"","_monsterinsights_sitenote_category":0,"_uf_show_specific_survey":0,"_uf_disable_surveys":false,"footnotes":""},"class_list":["post-1511","page","type-page","status-publish","hentry"],"yoast_head":"<!-- This site is optimized with the Yoast SEO plugin v23.8 - https:\/\/yoast.com\/wordpress\/plugins\/seo\/ -->\n<title>Privacy Policy - Gefico Enterprise<\/title>\n<meta name=\"robots\" content=\"index, follow, max-snippet:-1, max-image-preview:large, max-video-preview:-1\" \/>\n<link rel=\"canonical\" href=\"https:\/\/gefico.com\/index.php\/privacy-policy\/\" \/>\n<meta property=\"og:locale\" content=\"es_ES\" \/>\n<meta property=\"og:type\" content=\"article\" \/>\n<meta property=\"og:title\" content=\"Privacy Policy - Gefico Enterprise\" \/>\n<meta property=\"og:description\" content=\"Pol\u00edtica Privacidad y Protecci\u00f3n De DatosEn su calidad de Usuario, GEFICO ENTERPRISE,S.L. (en adelante, \u201cGEFICO\u201d) le informa de su pol\u00edtica de protecci\u00f3n de datos de car\u00e1cter personal para que libre y voluntariamente pueda decidir facilitarnos, los datos personales que le podamos requerir para acceder a los distintos servicios y contenidos ofertados en nuestra p\u00e1gina web. [&hellip;]\" \/>\n<meta property=\"og:url\" content=\"https:\/\/gefico.com\/index.php\/privacy-policy\/\" \/>\n<meta property=\"og:site_name\" content=\"Gefico Enterprise\" \/>\n<meta property=\"article:modified_time\" content=\"2020-07-14T05:48:52+00:00\" \/>\n<meta name=\"twitter:card\" content=\"summary_large_image\" \/>\n<meta name=\"twitter:label1\" content=\"Tiempo de lectura\" \/>\n\t<meta name=\"twitter:data1\" content=\"9 minutos\" \/>\n<script type=\"application\/ld+json\" class=\"yoast-schema-graph\">{\"@context\":\"https:\/\/schema.org\",\"@graph\":[{\"@type\":\"WebPage\",\"@id\":\"https:\/\/gefico.com\/index.php\/privacy-policy\/\",\"url\":\"https:\/\/gefico.com\/index.php\/privacy-policy\/\",\"name\":\"Privacy Policy - Gefico Enterprise\",\"isPartOf\":{\"@id\":\"https:\/\/gefico.com\/#website\"},\"datePublished\":\"2020-06-16T08:43:41+00:00\",\"dateModified\":\"2020-07-14T05:48:52+00:00\",\"breadcrumb\":{\"@id\":\"https:\/\/gefico.com\/index.php\/privacy-policy\/#breadcrumb\"},\"inLanguage\":\"es\",\"potentialAction\":[{\"@type\":\"ReadAction\",\"target\":[\"https:\/\/gefico.com\/index.php\/privacy-policy\/\"]}]},{\"@type\":\"BreadcrumbList\",\"@id\":\"https:\/\/gefico.com\/index.php\/privacy-policy\/#breadcrumb\",\"itemListElement\":[{\"@type\":\"ListItem\",\"position\":1,\"name\":\"Home\",\"item\":\"https:\/\/gefico.com\/\"},{\"@type\":\"ListItem\",\"position\":2,\"name\":\"Privacy Policy\"}]},{\"@type\":\"WebSite\",\"@id\":\"https:\/\/gefico.com\/#website\",\"url\":\"https:\/\/gefico.com\/\",\"name\":\"Gefico Enterprise\",\"description\":\"Water Solutions\",\"publisher\":{\"@id\":\"https:\/\/gefico.com\/#organization\"},\"potentialAction\":[{\"@type\":\"SearchAction\",\"target\":{\"@type\":\"EntryPoint\",\"urlTemplate\":\"https:\/\/gefico.com\/?s={search_term_string}\"},\"query-input\":{\"@type\":\"PropertyValueSpecification\",\"valueRequired\":true,\"valueName\":\"search_term_string\"}}],\"inLanguage\":\"es\"},{\"@type\":\"Organization\",\"@id\":\"https:\/\/gefico.com\/#organization\",\"name\":\"Gefico Enterprise S.L.\",\"url\":\"https:\/\/gefico.com\/\",\"logo\":{\"@type\":\"ImageObject\",\"inLanguage\":\"es\",\"@id\":\"https:\/\/gefico.com\/#\/schema\/logo\/image\/\",\"url\":\"https:\/\/gefico.com\/wp-content\/uploads\/2020\/07\/gefico_logo.png\",\"contentUrl\":\"https:\/\/gefico.com\/wp-content\/uploads\/2020\/07\/gefico_logo.png\",\"width\":2240,\"height\":797,\"caption\":\"Gefico Enterprise S.L.\"},\"image\":{\"@id\":\"https:\/\/gefico.com\/#\/schema\/logo\/image\/\"},\"sameAs\":[\"https:\/\/www.instagram.com\/geficowatermakers\",\"https:\/\/www.linkedin.com\/company\/gefico\/\"]}]}<\/script>\n<!-- \/ Yoast SEO plugin. -->","yoast_head_json":{"title":"Privacy Policy - Gefico Enterprise","robots":{"index":"index","follow":"follow","max-snippet":"max-snippet:-1","max-image-preview":"max-image-preview:large","max-video-preview":"max-video-preview:-1"},"canonical":"https:\/\/gefico.com\/index.php\/privacy-policy\/","og_locale":"es_ES","og_type":"article","og_title":"Privacy Policy - Gefico Enterprise","og_description":"Pol\u00edtica Privacidad y Protecci\u00f3n De DatosEn su calidad de Usuario, GEFICO ENTERPRISE,S.L. (en adelante, \u201cGEFICO\u201d) le informa de su pol\u00edtica de protecci\u00f3n de datos de car\u00e1cter personal para que libre y voluntariamente pueda decidir facilitarnos, los datos personales que le podamos requerir para acceder a los distintos servicios y contenidos ofertados en nuestra p\u00e1gina web. [&hellip;]","og_url":"https:\/\/gefico.com\/index.php\/privacy-policy\/","og_site_name":"Gefico Enterprise","article_modified_time":"2020-07-14T05:48:52+00:00","twitter_card":"summary_large_image","twitter_misc":{"Tiempo de lectura":"9 minutos"},"schema":{"@context":"https:\/\/schema.org","@graph":[{"@type":"WebPage","@id":"https:\/\/gefico.com\/index.php\/privacy-policy\/","url":"https:\/\/gefico.com\/index.php\/privacy-policy\/","name":"Privacy Policy - Gefico Enterprise","isPartOf":{"@id":"https:\/\/gefico.com\/#website"},"datePublished":"2020-06-16T08:43:41+00:00","dateModified":"2020-07-14T05:48:52+00:00","breadcrumb":{"@id":"https:\/\/gefico.com\/index.php\/privacy-policy\/#breadcrumb"},"inLanguage":"es","potentialAction":[{"@type":"ReadAction","target":["https:\/\/gefico.com\/index.php\/privacy-policy\/"]}]},{"@type":"BreadcrumbList","@id":"https:\/\/gefico.com\/index.php\/privacy-policy\/#breadcrumb","itemListElement":[{"@type":"ListItem","position":1,"name":"Home","item":"https:\/\/gefico.com\/"},{"@type":"ListItem","position":2,"name":"Privacy Policy"}]},{"@type":"WebSite","@id":"https:\/\/gefico.com\/#website","url":"https:\/\/gefico.com\/","name":"Gefico Enterprise","description":"Water Solutions","publisher":{"@id":"https:\/\/gefico.com\/#organization"},"potentialAction":[{"@type":"SearchAction","target":{"@type":"EntryPoint","urlTemplate":"https:\/\/gefico.com\/?s={search_term_string}"},"query-input":{"@type":"PropertyValueSpecification","valueRequired":true,"valueName":"search_term_string"}}],"inLanguage":"es"},{"@type":"Organization","@id":"https:\/\/gefico.com\/#organization","name":"Gefico Enterprise S.L.","url":"https:\/\/gefico.com\/","logo":{"@type":"ImageObject","inLanguage":"es","@id":"https:\/\/gefico.com\/#\/schema\/logo\/image\/","url":"https:\/\/gefico.com\/wp-content\/uploads\/2020\/07\/gefico_logo.png","contentUrl":"https:\/\/gefico.com\/wp-content\/uploads\/2020\/07\/gefico_logo.png","width":2240,"height":797,"caption":"Gefico Enterprise S.L."},"image":{"@id":"https:\/\/gefico.com\/#\/schema\/logo\/image\/"},"sameAs":["https:\/\/www.instagram.com\/geficowatermakers","https:\/\/www.linkedin.com\/company\/gefico\/"]}]}},"jetpack_sharing_enabled":true,"_links":{"self":[{"href":"https:\/\/gefico.com\/index.php\/wp-json\/wp\/v2\/pages\/1511","targetHints":{"allow":["GET"]}}],"collection":[{"href":"https:\/\/gefico.com\/index.php\/wp-json\/wp\/v2\/pages"}],"about":[{"href":"https:\/\/gefico.com\/index.php\/wp-json\/wp\/v2\/types\/page"}],"author":[{"embeddable":true,"href":"https:\/\/gefico.com\/index.php\/wp-json\/wp\/v2\/users\/2"}],"replies":[{"embeddable":true,"href":"https:\/\/gefico.com\/index.php\/wp-json\/wp\/v2\/comments?post=1511"}],"version-history":[{"count":4,"href":"https:\/\/gefico.com\/index.php\/wp-json\/wp\/v2\/pages\/1511\/revisions"}],"predecessor-version":[{"id":9547,"href":"https:\/\/gefico.com\/index.php\/wp-json\/wp\/v2\/pages\/1511\/revisions\/9547"}],"wp:attachment":[{"href":"https:\/\/gefico.com\/index.php\/wp-json\/wp\/v2\/media?parent=1511"}],"curies":[{"name":"wp","href":"https:\/\/api.w.org\/{rel}","templated":true}]}}